{"id":108874,"date":"2023-12-16T18:15:09","date_gmt":"2023-12-16T22:15:09","guid":{"rendered":"https:\/\/caribbean-sailing.com\/inicio\/"},"modified":"2026-09-02T10:26:51","modified_gmt":"2026-09-02T14:26:51","slug":"inicio","status":"publish","type":"page","link":"https:\/\/caribbean-sailing.com\/es\/","title":{"rendered":"Inicio"},"content":{"rendered":"<section class=\"wpb-content-wrapper\"><p>[vc_row row_background_shadow=\u00bbno\u00bb css=\u00bb.vc_custom_1518015508525{padding-top: 30px !important;padding-bottom: 66px !important;}\u00bb][vc_column]<div class=\"mkdf-section-title-holder  mkdf-st-standard \" >\n\t<div class=\"mkdf-st-inner\">\n\t\t\t\t\t<h2 class=\"mkdf-st-title\" >\n\t\t\t\t\u00daltimas noticias\t\t\t<\/h2>\n\t\t\t\t\t\t\t<div class=\"mkdf-separator-holder clearfix\">\n\t\t\t\t<div class=\"mkdf-separator\" ><\/div>\n\t\t\t<\/div>\n\t\t\t\t\t<\/div>\n<\/div>[\/vc_column][\/vc_row][vc_row row_content_width=\u00bbgrid\u00bb row_background_shadow=\u00bbno\u00bb content_text_aligment=\u00bbleft\u00bb css=\u00bb.vc_custom_1718026820650{margin-top: 0px !important;margin-right: 0px !important;margin-bottom: 0px !important;margin-left: 0px !important;padding-top: 0px !important;padding-right: 0px !important;padding-bottom: 25px !important;padding-left: 0px !important;}\u00bb][vc_column css=\u00bb.vc_custom_1519040584102{margin-top: 0px !important;margin-right: 0px !important;margin-bottom: 0px !important;margin-left: 0px !important;padding-top: 0px !important;padding-right: 0px !important;padding-bottom: 0px !important;padding-left: 0px !important;}\u00bb]<div class=\"mkdf-blog-list-holder mkdf-bl-standard mkdf-bl-three-columns mkdf-large-space mkdf-bl-pag-no-pagination\"  data-type=standard data-number-of-posts=3 data-number-of-columns=3 data-space-between-items=large data-category=news data-orderby=date data-order=DESC data-image-size=klippe_mikado_square data-title-tag=h4 data-title-transform=uppercase data-excerpt-length=40 data-post-info-section=yes data-post-info-image=yes data-post-info-author=no data-post-info-date=yes data-post-info-category=yes data-post-info-comments=no data-post-info-like=no data-post-info-share=no data-post-info-read=no data-pagination-type=no-pagination data-max-num-pages=2 data-next-page=2>\n\t<div class=\"mkdf-bl-wrapper mkdf-outer-space\">\n\t\t<ul class=\"mkdf-blog-list\">\n\t\t\t<li class=\"mkdf-bl-item mkdf-item-space clearfix\">\n\t<div class=\"mkdf-bli-inner\">\n\t\t<div itemprop=\"dateCreated\" class=\"mkdf-post-info-date-boxed entry-date published updated\">\n\t\t\t<a itemprop=\"url\" href=\"https:\/\/caribbean-sailing.com\/es\/2026\/08\/\">\n\t\t\t            <span class=\"mkdf-post-info-date-day\">\n\t\t\t    13            <\/span>\n            <span class=\"mkdf-post-info-date-month\">\n\t\t\t    agosto            <\/span>\n\t\t<\/a>\n\t\t<meta itemprop=\"interactionCount\" content=\"UserComments: 0\"\/>\n<\/div>\n\t<div class=\"mkdf-post-image\">\n\t\t\t\t\t<a itemprop=\"url\" href=\"https:\/\/caribbean-sailing.com\/es\/el-club-nautico-de-sint-maarten-y-la-fundacion-white-and-yellow-cross-care-se-asocian-de-nuevo-para-ofrecer-otra-edicion-de-las-clases-de-sailability\/\" title=\"El Club N\u00e1utico de Sint Maarten y la Fundaci\u00f3n White and Yellow Cross Care se asocian de nuevo para ofrecer otra edici\u00f3n de las clases de \u00abSailability\u00bb\">\n\t\t\t\t\t<img loading=\"lazy\" decoding=\"async\" width=\"550\" height=\"550\" src=\"https:\/\/caribbean-sailing.com\/wp-content\/uploads\/2026\/08\/P1024531-550x550.webp\" class=\"attachment-klippe_mikado_square size-klippe_mikado_square wp-post-image\" alt=\"\" srcset=\"https:\/\/caribbean-sailing.com\/wp-content\/uploads\/2026\/08\/P1024531-550x550.webp 550w, https:\/\/caribbean-sailing.com\/wp-content\/uploads\/2026\/08\/P1024531-150x150.webp 150w, https:\/\/caribbean-sailing.com\/wp-content\/uploads\/2026\/08\/P1024531-100x100.webp 100w\" sizes=\"auto, (max-width: 550px) 100vw, 550px\" \/>\t\t\t\t\t<\/a>\n\t\t\t\t\t<\/div>\n        <div class=\"mkdf-bli-content\">\n                            <div class=\"mkdf-bli-info\">\n\t                <div class=\"mkdf-post-info-category\">\n    <a href=\"https:\/\/caribbean-sailing.com\/es\/category\/sin-categorizar\/eventos\/bote-auxiliar\/\" rel=\"category tag\">Bote auxiliar<\/a>, <a href=\"https:\/\/caribbean-sailing.com\/es\/category\/club-nautico\/\" rel=\"category tag\">Club N\u00e1utico<\/a>, <a href=\"https:\/\/caribbean-sailing.com\/es\/category\/sin-categorizar\/fomento-de-la-vela\/\" rel=\"category tag\">Fomento de la vela<\/a>, <a href=\"https:\/\/caribbean-sailing.com\/es\/category\/sin-categorizar\/por-pais\/san-martin\/\" rel=\"category tag\">San Mart\u00edn<\/a>, <a href=\"https:\/\/caribbean-sailing.com\/es\/category\/sin-categorizar\/\" rel=\"category tag\">Sin categorizar<\/a>, <a href=\"https:\/\/caribbean-sailing.com\/es\/category\/ultimas-noticias\/\" rel=\"category tag\">\u00daltimas Noticias<\/a><\/div><div itemprop=\"dateCreated\" class=\"mkdf-post-info-date entry-date published updated\">\n            <a itemprop=\"url\" href=\"https:\/\/caribbean-sailing.com\/es\/2026\/08\/\">\n    \n        13 de agosto de 2026        <\/a>\n    <meta itemprop=\"interactionCount\" content=\"UserComments: 0\"\/>\n<\/div>                <\/div>\n            \t\n\t        \n<h4 itemprop=\"name\" class=\"entry-title mkdf-post-title\" style=\"text-transform: uppercase\">\n            <a itemprop=\"url\" href=\"https:\/\/caribbean-sailing.com\/es\/el-club-nautico-de-sint-maarten-y-la-fundacion-white-and-yellow-cross-care-se-asocian-de-nuevo-para-ofrecer-otra-edicion-de-las-clases-de-sailability\/\" title=\"El Club N\u00e1utico de Sint Maarten y la Fundaci\u00f3n White and Yellow Cross Care se asocian de nuevo para ofrecer otra edici\u00f3n de las clases de \u00abSailability\u00bb\">\n            El Club N\u00e1utico de Sint Maarten y la Fundaci\u00f3n White and Yellow Cross Care se asocian de nuevo para ofrecer otra edici\u00f3n de las clases de \u00abSailability\u00bb            <\/a>\n    <\/h4>\t\n\t        <div class=\"mkdf-bli-excerpt\">\n\t\t        \t\t<div class=\"mkdf-post-excerpt-holder\">\n\t\t\t<p itemprop=\"description\" class=\"mkdf-post-excerpt\">\n\t\t\t\tSimpson Bay, San Mart\u00edn \u2013 El Club N\u00e1utico de San Mart\u00edn (SMYC) se enorgullece de celebrar la finalizaci\u00f3n con \u00e9xito del tercer a\u00f1o de su programa \u00abSailability\u00bb, una iniciativa n\u00e1utica que ha venido transformando vidas desde su puesta en marcha\t\t\t<\/p>\n\t\t<\/div>\n\t\t        <\/div>\n                    <\/div>\n\t<\/div>\n<\/li><li class=\"mkdf-bl-item mkdf-item-space clearfix\">\n\t<div class=\"mkdf-bli-inner\">\n\t\t<div itemprop=\"dateCreated\" class=\"mkdf-post-info-date-boxed entry-date published updated\">\n\t\t\t<a itemprop=\"url\" href=\"https:\/\/caribbean-sailing.com\/es\/2026\/08\/\">\n\t\t\t            <span class=\"mkdf-post-info-date-day\">\n\t\t\t    12            <\/span>\n            <span class=\"mkdf-post-info-date-month\">\n\t\t\t    agosto            <\/span>\n\t\t<\/a>\n\t\t<meta itemprop=\"interactionCount\" content=\"UserComments: 0\"\/>\n<\/div>\n\t<div class=\"mkdf-post-image\">\n\t\t\t\t\t<a itemprop=\"url\" href=\"https:\/\/caribbean-sailing.com\/es\/la-asociacion-de-vela-del-caribe-da-a-conocer-su-calendario-de-regatas-para-los-proximos-cinco-anos-y-una-nueva-y-ambiciosa-serie-de-campeonatos\/\" title=\"La Asociaci\u00f3n de Vela del Caribe da a conocer su calendario de regatas para los pr\u00f3ximos cinco a\u00f1os y una nueva y ambiciosa serie de campeonatos\">\n\t\t\t\t\t<img loading=\"lazy\" decoding=\"async\" width=\"550\" height=\"550\" src=\"https:\/\/caribbean-sailing.com\/wp-content\/uploads\/2026\/08\/Caribbean-Sailing-Association-Unveils-Five-Year-Regatta-Calendar-and-Bold-New-Championship-Series-1-550x550.png\" class=\"attachment-klippe_mikado_square size-klippe_mikado_square wp-post-image\" alt=\"\" srcset=\"https:\/\/caribbean-sailing.com\/wp-content\/uploads\/2026\/08\/Caribbean-Sailing-Association-Unveils-Five-Year-Regatta-Calendar-and-Bold-New-Championship-Series-1-550x550.png 550w, https:\/\/caribbean-sailing.com\/wp-content\/uploads\/2026\/08\/Caribbean-Sailing-Association-Unveils-Five-Year-Regatta-Calendar-and-Bold-New-Championship-Series-1-150x150.png 150w, https:\/\/caribbean-sailing.com\/wp-content\/uploads\/2026\/08\/Caribbean-Sailing-Association-Unveils-Five-Year-Regatta-Calendar-and-Bold-New-Championship-Series-1-1100x1100.png 1100w, https:\/\/caribbean-sailing.com\/wp-content\/uploads\/2026\/08\/Caribbean-Sailing-Association-Unveils-Five-Year-Regatta-Calendar-and-Bold-New-Championship-Series-1-100x100.png 100w\" sizes=\"auto, (max-width: 550px) 100vw, 550px\" \/>\t\t\t\t\t<\/a>\n\t\t\t\t\t<\/div>\n        <div class=\"mkdf-bli-content\">\n                            <div class=\"mkdf-bli-info\">\n\t                <div class=\"mkdf-post-info-category\">\n    <a href=\"https:\/\/caribbean-sailing.com\/es\/category\/sin-categorizar\/eventos\/\" rel=\"category tag\">Eventos<\/a>, <a href=\"https:\/\/caribbean-sailing.com\/es\/category\/sin-categorizar\/eventos\/multicascos\/\" rel=\"category tag\">Multicascos<\/a>, <a href=\"https:\/\/caribbean-sailing.com\/es\/category\/sin-categorizar\/eventos\/regatas-y-carreras\/\" rel=\"category tag\">Regatas y carreras<\/a>, <a href=\"https:\/\/caribbean-sailing.com\/es\/category\/sin-categorizar\/\" rel=\"category tag\">Sin categorizar<\/a>, <a href=\"https:\/\/caribbean-sailing.com\/es\/category\/ultimas-noticias\/\" rel=\"category tag\">\u00daltimas Noticias<\/a><\/div><div itemprop=\"dateCreated\" class=\"mkdf-post-info-date entry-date published updated\">\n            <a itemprop=\"url\" href=\"https:\/\/caribbean-sailing.com\/es\/2026\/08\/\">\n    \n        12 de agosto de 2026        <\/a>\n    <meta itemprop=\"interactionCount\" content=\"UserComments: 0\"\/>\n<\/div>                <\/div>\n            \t\n\t        \n<h4 itemprop=\"name\" class=\"entry-title mkdf-post-title\" style=\"text-transform: uppercase\">\n            <a itemprop=\"url\" href=\"https:\/\/caribbean-sailing.com\/es\/la-asociacion-de-vela-del-caribe-da-a-conocer-su-calendario-de-regatas-para-los-proximos-cinco-anos-y-una-nueva-y-ambiciosa-serie-de-campeonatos\/\" title=\"La Asociaci\u00f3n de Vela del Caribe da a conocer su calendario de regatas para los pr\u00f3ximos cinco a\u00f1os y una nueva y ambiciosa serie de campeonatos\">\n            La Asociaci\u00f3n de Vela del Caribe da a conocer su calendario de regatas para los pr\u00f3ximos cinco a\u00f1os y una nueva y ambiciosa serie de campeonatos            <\/a>\n    <\/h4>\t\n\t        <div class=\"mkdf-bli-excerpt\">\n\t\t        \t\t<div class=\"mkdf-post-excerpt-holder\">\n\t\t\t<p itemprop=\"description\" class=\"mkdf-post-excerpt\">\n\t\t\t\tSan Juan, Antigua \u2014 La Asociaci\u00f3n de Vela del Caribe (CSA) presenta hoy el calendario actualizado para los pr\u00f3ximos cinco a\u00f1os, que condensa las principales regatas de la regi\u00f3n en una temporada de cuatro meses repleta de acci\u00f3n, y estrena\t\t\t<\/p>\n\t\t<\/div>\n\t\t        <\/div>\n                    <\/div>\n\t<\/div>\n<\/li><li class=\"mkdf-bl-item mkdf-item-space clearfix\">\n\t<div class=\"mkdf-bli-inner\">\n\t\t<div itemprop=\"dateCreated\" class=\"mkdf-post-info-date-boxed entry-date published updated\">\n\t\t\t<a itemprop=\"url\" href=\"https:\/\/caribbean-sailing.com\/es\/2026\/07\/\">\n\t\t\t            <span class=\"mkdf-post-info-date-day\">\n\t\t\t    21            <\/span>\n            <span class=\"mkdf-post-info-date-month\">\n\t\t\t    julio            <\/span>\n\t\t<\/a>\n\t\t<meta itemprop=\"interactionCount\" content=\"UserComments: 0\"\/>\n<\/div>\n\t<div class=\"mkdf-post-image\">\n\t\t\t\t\t<a itemprop=\"url\" href=\"https:\/\/caribbean-sailing.com\/es\/ya-esta-abierta-la-inscripcion-para-el-caribbean-multihull-challenge-2027-en-sint-maarten\/\" title=\"Ya est\u00e1 abierta la inscripci\u00f3n para el Caribbean Multihull Challenge 2027 en Sint Maarten\">\n\t\t\t\t\t<img loading=\"lazy\" decoding=\"async\" width=\"550\" height=\"550\" src=\"https:\/\/caribbean-sailing.com\/wp-content\/uploads\/2026\/07\/CMC-Socials-Day-4-56-1024x683-1-550x550.jpg\" class=\"attachment-klippe_mikado_square size-klippe_mikado_square wp-post-image\" alt=\"\" srcset=\"https:\/\/caribbean-sailing.com\/wp-content\/uploads\/2026\/07\/CMC-Socials-Day-4-56-1024x683-1-550x550.jpg 550w, https:\/\/caribbean-sailing.com\/wp-content\/uploads\/2026\/07\/CMC-Socials-Day-4-56-1024x683-1-150x150.jpg 150w, https:\/\/caribbean-sailing.com\/wp-content\/uploads\/2026\/07\/CMC-Socials-Day-4-56-1024x683-1-100x100.jpg 100w\" sizes=\"auto, (max-width: 550px) 100vw, 550px\" \/>\t\t\t\t\t<\/a>\n\t\t\t\t\t<\/div>\n        <div class=\"mkdf-bli-content\">\n                            <div class=\"mkdf-bli-info\">\n\t                <div class=\"mkdf-post-info-category\">\n    <a href=\"https:\/\/caribbean-sailing.com\/es\/category\/sin-categorizar\/eventos\/\" rel=\"category tag\">Eventos<\/a>, <a href=\"https:\/\/caribbean-sailing.com\/es\/category\/sin-categorizar\/eventos\/manifestaciones\/\" rel=\"category tag\">Manifestaciones<\/a>, <a href=\"https:\/\/caribbean-sailing.com\/es\/category\/sin-categorizar\/eventos\/multicascos\/\" rel=\"category tag\">Multicascos<\/a>, <a href=\"https:\/\/caribbean-sailing.com\/es\/category\/sin-categorizar\/por-pais\/\" rel=\"category tag\">Por pa\u00eds<\/a>, <a href=\"https:\/\/caribbean-sailing.com\/es\/category\/sin-categorizar\/eventos\/regatas-y-carreras\/\" rel=\"category tag\">Regatas y carreras<\/a>, <a href=\"https:\/\/caribbean-sailing.com\/es\/category\/sin-categorizar\/por-pais\/san-martin\/\" rel=\"category tag\">San Mart\u00edn<\/a>, <a href=\"https:\/\/caribbean-sailing.com\/es\/category\/sin-categorizar\/\" rel=\"category tag\">Sin categorizar<\/a>, <a href=\"https:\/\/caribbean-sailing.com\/es\/category\/ultimas-noticias\/\" rel=\"category tag\">\u00daltimas Noticias<\/a><\/div><div itemprop=\"dateCreated\" class=\"mkdf-post-info-date entry-date published updated\">\n            <a itemprop=\"url\" href=\"https:\/\/caribbean-sailing.com\/es\/2026\/07\/\">\n    \n        21 de julio de 2026        <\/a>\n    <meta itemprop=\"interactionCount\" content=\"UserComments: 0\"\/>\n<\/div>                <\/div>\n            \t\n\t        \n<h4 itemprop=\"name\" class=\"entry-title mkdf-post-title\" style=\"text-transform: uppercase\">\n            <a itemprop=\"url\" href=\"https:\/\/caribbean-sailing.com\/es\/ya-esta-abierta-la-inscripcion-para-el-caribbean-multihull-challenge-2027-en-sint-maarten\/\" title=\"Ya est\u00e1 abierta la inscripci\u00f3n para el Caribbean Multihull Challenge 2027 en Sint Maarten\">\n            Ya est\u00e1 abierta la inscripci\u00f3n para el Caribbean Multihull Challenge 2027 en Sint Maarten            <\/a>\n    <\/h4>\t\n\t        <div class=\"mkdf-bli-excerpt\">\n\t\t        \t\t<div class=\"mkdf-post-excerpt-holder\">\n\t\t\t<p itemprop=\"description\" class=\"mkdf-post-excerpt\">\n\t\t\t\tClub N\u00e1utico de Sint Maarten (SMYC) \u2014 Los organizadores del Caribbean Multihull Challenge (CMC) se complacen en anunciar la apertura del plazo de inscripci\u00f3n para la edici\u00f3n de 2027, que tendr\u00e1 lugar del 4 al 7 de febrero en Sint\t\t\t<\/p>\n\t\t<\/div>\n\t\t        <\/div>\n                    <\/div>\n\t<\/div>\n<\/li>\t\t<\/ul>\n\t<\/div>\n\t<\/div>[\/vc_column][\/vc_row][vc_row row_content_width=\u00bbgrid\u00bb row_background_shadow=\u00bbno\u00bb content_text_aligment=\u00bbcenter\u00bb css=\u00bb.vc_custom_1718026799644{padding-top: 25px !important;padding-bottom: 137px !important;}\u00bb][vc_column]<div class=\"mkdf-section-title-holder  mkdf-st-standard \" >\n\t<div class=\"mkdf-st-inner\">\n\t\t\t\t\t<h2 class=\"mkdf-st-title\" >\n\t\t\t\tBIENVENIDO A LA CSA\t\t\t<\/h2>\n\t\t\t\t\t\t\t<div class=\"mkdf-separator-holder clearfix\">\n\t\t\t\t<div class=\"mkdf-separator\" ><\/div>\n\t\t\t<\/div>\n\t\t\t\t\t<\/div>\n<\/div><div class=\"mkdf-item-showcase-holder clearfix\"><div class=\"mkdf-is-item mkdf-is-left\">\n\t<div class=\"mkdf-is-content\">\n\t\t\t\t\t<h4 class=\"mkdf-is-title\" >\n\t\t\t\t<a href=\"https:\/\/caribbean-sailing.com\/es\/valoraciones\/\" target=\"_self\">\t\t\t\tLa regla de calificaci\u00f3n\t\t\t\t<\/a>\t\t\t<\/h4>\n\t\t\t\t\t\t\t<p class=\"mkdf-is-text\" >Monocasco, multicasco, simplificado y cl\u00e1sico<\/p>\n\t\t\t<\/div>\n    <span style=\"color: #000000\">\n            <span class=\"mkdf-icon-shortcode mkdf-normal   \"  >\n                    <i class=\"mkdf-icon-font-awesome fa fa-angle-double-left mkdf-icon-element\" style=\"font-size:30px\" ><\/i>            <\/span>\n    <\/span>\n<\/div><div class=\"mkdf-is-item mkdf-is-left\">\n\t<div class=\"mkdf-is-content\">\n\t\t\t\t\t<h4 class=\"mkdf-is-title\" >\n\t\t\t\t<a href=\"https:\/\/caribbean-sailing.com\/es\/desarrollo\/\" target=\"_self\">\t\t\t\tDesarrollo de la vela\t\t\t\t<\/a>\t\t\t<\/h4>\n\t\t\t\t\t\t\t<p class=\"mkdf-is-text\" >Trabajando para desarrollar y apoyar programas de vela de base en toda la regi\u00f3n.<\/p>\n\t\t\t<\/div>\n    <span style=\"color: #000000\">\n            <span class=\"mkdf-icon-shortcode mkdf-normal   \"  >\n                    <i class=\"mkdf-icon-font-awesome fa fa-angle-double-left mkdf-icon-element\" style=\"font-size:30px\" ><\/i>            <\/span>\n    <\/span>\n<\/div><div class=\"mkdf-is-item mkdf-is-left\">\n\t<div class=\"mkdf-is-content\">\n\t\t\t\t\t<h4 class=\"mkdf-is-title\" >\n\t\t\t\t<a href=\"https:\/\/caribbean-sailing.com\/es\/conferencia-csa-2\/acerca-de\/\" target=\"_self\">\t\t\t\tLa conferencia\t\t\t\t<\/a>\t\t\t<\/h4>\n\t\t\t\t\t\t\t<p class=\"mkdf-is-text\" >Reunir a miembros de toda la regi\u00f3n para debatir oportunidades y desaf\u00edos, y brindar apoyo durante todo el a\u00f1o.<\/p>\n\t\t\t<\/div>\n    <span style=\"color: #000000\">\n            <span class=\"mkdf-icon-shortcode mkdf-normal   \"  >\n                    <i class=\"mkdf-icon-font-awesome fa fa-angle-double-left mkdf-icon-element\" style=\"font-size:30px\" ><\/i>            <\/span>\n    <\/span>\n<\/div><div class=\"mkdf-is-item mkdf-is-right\">\n\t<div class=\"mkdf-is-content\">\n\t\t\t\t\t<h4 class=\"mkdf-is-title\" >\n\t\t\t\t<a href=\"https:\/\/caribbean-sailing.com\/es\/calendario-de-carreras-todos-los-eventos-en-orden-de-fecha\/\" target=\"_self\">\t\t\t\tEventos\t\t\t\t<\/a>\t\t\t<\/h4>\n\t\t\t\t\t\t\t<p class=\"mkdf-is-text\" >Eventos durante todo el a\u00f1o en todas las islas, desde Trinidad en el sur hasta Bermudas en el norte.<\/p>\n\t\t\t<\/div>\n    <span style=\"color: #000000\">\n            <span class=\"mkdf-icon-shortcode mkdf-normal   \"  >\n                    <i class=\"mkdf-icon-font-awesome fa fa-angle-double-right mkdf-icon-element\" style=\"font-size:30px\" ><\/i>            <\/span>\n    <\/span>\n<\/div><div class=\"mkdf-is-item mkdf-is-right\">\n\t<div class=\"mkdf-is-content\">\n\t\t\t\t\t<h4 class=\"mkdf-is-title\" >\n\t\t\t\t<a href=\"https:\/\/caribbean-sailing.com\/es\/opciones-de-flete-de-carreras\/\" target=\"_self\">\t\t\t\tCh\u00e1rteres para regatas\t\t\t\t<\/a>\t\t\t<\/h4>\n\t\t\t\t\t\t\t<p class=\"mkdf-is-text\" >Llega y compite en cualquier regata.<\/p>\n\t\t\t<\/div>\n    <span style=\"color: #000000\">\n            <span class=\"mkdf-icon-shortcode mkdf-normal   \"  >\n                    <i class=\"mkdf-icon-font-awesome fa fa-angle-double-right mkdf-icon-element\" style=\"font-size:30px\" ><\/i>            <\/span>\n    <\/span>\n<\/div><div class=\"mkdf-is-item mkdf-is-right\">\n\t<div class=\"mkdf-is-content\">\n\t\t\t\t\t<h4 class=\"mkdf-is-title\" >\n\t\t\t\t<a href=\"https:\/\/caribbean-sailing.com\/es\/regata-cdc\/acerca-de-los-cdc\/\" target=\"_self\">\t\t\t\tCampeonato de Vela Ligera del Caribe\t\t\t\t<\/a>\t\t\t<\/h4>\n\t\t\t\t\t\t\t<p class=\"mkdf-is-text\" >Reunir a equipos de toda la regi\u00f3n para competiciones de carreras de m\u00faltiples categor\u00edas.<\/p>\n\t\t\t<\/div>\n    <span style=\"color: #000000\">\n            <span class=\"mkdf-icon-shortcode mkdf-normal   \"  >\n                    <i class=\"mkdf-icon-font-awesome fa fa-angle-double-right mkdf-icon-element\" style=\"font-size:30px\" ><\/i>            <\/span>\n    <\/span>\n<\/div><div class=\"mkdf-is-image\" style=\"margin-top: 15px\"><img loading=\"lazy\" decoding=\"async\" width=\"378\" height=\"609\" src=\"https:\/\/caribbean-sailing.com\/wp-content\/uploads\/2024\/05\/cropasw-copy-1.jpg\" class=\"attachment-full size-full\" alt=\"\" srcset=\"https:\/\/caribbean-sailing.com\/wp-content\/uploads\/2024\/05\/cropasw-copy-1.jpg 378w, https:\/\/caribbean-sailing.com\/wp-content\/uploads\/2024\/05\/cropasw-copy-1-186x300.jpg 186w\" sizes=\"auto, (max-width: 378px) 100vw, 378px\" \/><\/div><\/div>[\/vc_column][\/vc_row]<\/p>\n<\/section>","protected":false},"excerpt":{"rendered":"<p>[vc_row row_background_shadow=\u00bbno\u00bb css=\u00bb.vc_custom_1518015508525{padding-top: 30px !important;padding-bottom: 66px !important;}\u00bb][vc_column][\/vc_column][\/vc_row][vc_row row_content_width=\u00bbgrid\u00bb row_background_shadow=\u00bbno\u00bb content_text_aligment=\u00bbleft\u00bb css=\u00bb.vc_custom_1718026820650{margin-top: 0px !important;margin-right: 0px !important;margin-bottom: 0px !important;margin-left: 0px !important;padding-top: 0px !important;padding-right: 0px !important;padding-bottom: 25px !important;padding-left: 0px !important;}\u00bb][vc_column css=\u00bb.vc_custom_1519040584102{margin-top: 0px !important;margin-right: 0px !important;margin-bottom: 0px !important;margin-left: 0px !important;padding-top: 0px !important;padding-right: 0px !important;padding-bottom: [&hellip;]<\/p>\n","protected":false},"author":240,"featured_media":0,"parent":0,"menu_order":0,"comment_status":"closed","ping_status":"closed","template":"full-width.php","meta":{"_cbd_carousel_blocks":"[]","_monsterinsights_skip_tracking":false,"footnotes":"","_members_access_role":[],"_members_access_error":"","_links_to":"","_links_to_target":""},"class_list":["post-108874","page","type-page","status-publish","hentry"],"aioseo_notices":[],"aioseo_head":"\n\t\t<!-- All in One SEO 5.0.1.1 - aioseo.com -->\n\t<meta name=\"description\" content=\"\u00daltimas noticias 13 agosto Bote auxiliar, Club N\u00e1utico, Fomento de la vela, San Mart\u00edn, Sin categorizar, \u00daltimas Noticias 13 de agosto de 2026 El Club N\u00e1utico de Sint Maarten y la Fundaci\u00f3n White and Yellow Cross Care se asocian de nuevo para ofrecer otra edici\u00f3n de las clases de \u00abSailability\u00bb Simpson Bay, San Mart\u00edn \u2013\" \/>\n\t<meta name=\"robots\" content=\"max-image-preview:large\" \/>\n\t<link rel=\"canonical\" href=\"https:\/\/caribbean-sailing.com\/es\/\" \/>\n\t<meta name=\"generator\" content=\"All in One SEO (AIOSEO) 5.0.1.1\" \/>\n\t\t<script type=\"application\/ld+json\" class=\"aioseo-schema\">\n\t\t\t{\"@context\":\"https:\\\/\\\/schema.org\",\"@graph\":[{\"@type\":\"BreadcrumbList\",\"@id\":\"https:\\\/\\\/caribbean-sailing.com\\\/es\\\/#breadcrumblist\",\"itemListElement\":[{\"@type\":\"ListItem\",\"@id\":\"https:\\\/\\\/caribbean-sailing.com\\\/es\\\/#listItem\",\"position\":1,\"name\":\"Home\",\"item\":\"https:\\\/\\\/caribbean-sailing.com\\\/es\\\/\",\"nextItem\":{\"@type\":\"ListItem\",\"@id\":\"https:\\\/\\\/caribbean-sailing.com\\\/es\\\/#listItem\",\"name\":\"Inicio\"}},{\"@type\":\"ListItem\",\"@id\":\"https:\\\/\\\/caribbean-sailing.com\\\/es\\\/#listItem\",\"position\":2,\"name\":\"Inicio\",\"previousItem\":{\"@type\":\"ListItem\",\"@id\":\"https:\\\/\\\/caribbean-sailing.com\\\/es\\\/#listItem\",\"name\":\"Home\"}}]},{\"@type\":\"Organization\",\"@id\":\"https:\\\/\\\/caribbean-sailing.com\\\/es\\\/#organization\",\"name\":\"Caribbean Sailing Association\",\"description\":\"Caribbean Sailing News \\u2022 Events \\u2022 Rating Rule \\u2022 Sailing Development\",\"url\":\"https:\\\/\\\/caribbean-sailing.com\\\/es\\\/\"},{\"@type\":\"WebPage\",\"@id\":\"https:\\\/\\\/caribbean-sailing.com\\\/es\\\/#webpage\",\"url\":\"https:\\\/\\\/caribbean-sailing.com\\\/es\\\/\",\"name\":\"Inicio | Caribbean Sailing Association\",\"description\":\"\\u00daltimas noticias 13 agosto Bote auxiliar, Club N\\u00e1utico, Fomento de la vela, San Mart\\u00edn, Sin categorizar, \\u00daltimas Noticias 13 de agosto de 2026 El Club N\\u00e1utico de Sint Maarten y la Fundaci\\u00f3n White and Yellow Cross Care se asocian de nuevo para ofrecer otra edici\\u00f3n de las clases de \\u00abSailability\\u00bb Simpson Bay, San Mart\\u00edn \\u2013\",\"inLanguage\":\"es-ES\",\"isPartOf\":{\"@id\":\"https:\\\/\\\/caribbean-sailing.com\\\/es\\\/#website\"},\"breadcrumb\":{\"@id\":\"https:\\\/\\\/caribbean-sailing.com\\\/es\\\/#breadcrumblist\"},\"datePublished\":\"2023-12-16T18:15:09-04:00\",\"dateModified\":\"2026-09-02T10:26:51-04:00\"},{\"@type\":\"WebSite\",\"@id\":\"https:\\\/\\\/caribbean-sailing.com\\\/es\\\/#website\",\"url\":\"https:\\\/\\\/caribbean-sailing.com\\\/es\\\/\",\"name\":\"Caribbean Sailing Association\",\"description\":\"Caribbean Sailing News \\u2022 Events \\u2022 Rating Rule \\u2022 Sailing Development\",\"inLanguage\":\"es-ES\",\"publisher\":{\"@id\":\"https:\\\/\\\/caribbean-sailing.com\\\/es\\\/#organization\"}}]}\n\t\t<\/script>\n\t\t<!-- All in One SEO -->\n\n","aioseo_head_json":{"title":"Inicio | Caribbean Sailing Association","description":"\u00daltimas noticias 13 agosto Bote auxiliar, Club N\u00e1utico, Fomento de la vela, San Mart\u00edn, Sin categorizar, \u00daltimas Noticias 13 de agosto de 2026 El Club N\u00e1utico de Sint Maarten y la Fundaci\u00f3n White and Yellow Cross Care se asocian de nuevo para ofrecer otra edici\u00f3n de las clases de \u00abSailability\u00bb Simpson Bay, San Mart\u00edn \u2013","canonical_url":"https:\/\/caribbean-sailing.com\/es\/","robots":"max-image-preview:large","keywords":"","webmasterTools":{"miscellaneous":""},"schema":{"@context":"https:\/\/schema.org","@graph":[{"@type":"BreadcrumbList","@id":"https:\/\/caribbean-sailing.com\/es\/#breadcrumblist","itemListElement":[{"@type":"ListItem","@id":"https:\/\/caribbean-sailing.com\/es\/#listItem","position":1,"name":"Home","item":"https:\/\/caribbean-sailing.com\/es\/","nextItem":{"@type":"ListItem","@id":"https:\/\/caribbean-sailing.com\/es\/#listItem","name":"Inicio"}},{"@type":"ListItem","@id":"https:\/\/caribbean-sailing.com\/es\/#listItem","position":2,"name":"Inicio","previousItem":{"@type":"ListItem","@id":"https:\/\/caribbean-sailing.com\/es\/#listItem","name":"Home"}}]},{"@type":"Organization","@id":"https:\/\/caribbean-sailing.com\/es\/#organization","name":"Caribbean Sailing Association","description":"Caribbean Sailing News \u2022 Events \u2022 Rating Rule \u2022 Sailing Development","url":"https:\/\/caribbean-sailing.com\/es\/"},{"@type":"WebPage","@id":"https:\/\/caribbean-sailing.com\/es\/#webpage","url":"https:\/\/caribbean-sailing.com\/es\/","name":"Inicio | Caribbean Sailing Association","description":"\u00daltimas noticias 13 agosto Bote auxiliar, Club N\u00e1utico, Fomento de la vela, San Mart\u00edn, Sin categorizar, \u00daltimas Noticias 13 de agosto de 2026 El Club N\u00e1utico de Sint Maarten y la Fundaci\u00f3n White and Yellow Cross Care se asocian de nuevo para ofrecer otra edici\u00f3n de las clases de \u00abSailability\u00bb Simpson Bay, San Mart\u00edn \u2013","inLanguage":"es-ES","isPartOf":{"@id":"https:\/\/caribbean-sailing.com\/es\/#website"},"breadcrumb":{"@id":"https:\/\/caribbean-sailing.com\/es\/#breadcrumblist"},"datePublished":"2023-12-16T18:15:09-04:00","dateModified":"2026-09-02T10:26:51-04:00"},{"@type":"WebSite","@id":"https:\/\/caribbean-sailing.com\/es\/#website","url":"https:\/\/caribbean-sailing.com\/es\/","name":"Caribbean Sailing Association","description":"Caribbean Sailing News \u2022 Events \u2022 Rating Rule \u2022 Sailing Development","inLanguage":"es-ES","publisher":{"@id":"https:\/\/caribbean-sailing.com\/es\/#organization"}}]}},"aioseo_meta_data":{"post_id":"108874","title":null,"description":null,"keywords":null,"keyphrases":{"focus":{"keyphrase":"","score":0,"analysis":{"keyphraseInTitle":{"score":0,"maxScore":9,"error":1}}},"additional":[]},"primary_term":null,"canonical_url":null,"og_title":null,"og_description":null,"og_object_type":"default","og_image_type":"default","og_image_url":null,"og_image_width":null,"og_image_height":null,"og_image_custom_url":null,"og_image_custom_fields":null,"og_video":"","og_custom_url":null,"og_article_section":null,"og_article_tags":null,"twitter_use_og":false,"twitter_card":"default","twitter_image_type":"default","twitter_image_url":null,"twitter_image_custom_url":null,"twitter_image_custom_fields":null,"twitter_title":null,"twitter_description":null,"schema":{"blockGraphs":[],"customGraphs":[],"default":{"data":{"Article":[],"Course":[],"Dataset":[],"FAQPage":[],"Movie":[],"Person":[],"Product":[],"ProductReview":[],"Car":[],"Recipe":[],"Service":[],"SoftwareApplication":[],"WebPage":[]},"graphName":"WebPage","isEnabled":true},"graphs":[]},"schema_type":"default","schema_type_options":null,"pillar_content":false,"robots_default":true,"robots_noindex":false,"robots_noarchive":false,"robots_nosnippet":false,"robots_nofollow":false,"robots_noimageindex":false,"robots_noodp":false,"robots_notranslate":false,"robots_max_snippet":"-1","robots_max_videopreview":"-1","robots_max_imagepreview":"large","priority":null,"frequency":"default","local_seo":null,"breadcrumb_settings":null,"limit_modified_date":false,"ai":{"faqs":[],"keyPoints":[],"schemas":[],"titles":[],"descriptions":[],"socialPosts":{"email":{"subject":"","preview":"","content":""},"linkedin":[],"twitter":[],"facebook":[],"instagram":[]}},"created":"2024-08-16 17:49:01","updated":"2026-09-02 14:28:00","seo_analyzer_scan_date":null,"focus_keyword":null,"additional_keywords":null,"truseo_locale":null},"aioseo_breadcrumb":"<div class=\"aioseo-breadcrumbs\"><span class=\"aioseo-breadcrumb\">\n\t\t\t<a href=\"https:\/\/caribbean-sailing.com\/es\/\" title=\"Home\">Home<\/a>\n\t\t<\/span><span class=\"aioseo-breadcrumb-separator\">&raquo;<\/span><span class=\"aioseo-breadcrumb\">\n\t\t\tInicio\n\t\t<\/span><\/div>","aioseo_breadcrumb_json":[{"label":"Home","link":"https:\/\/caribbean-sailing.com\/es\/"},{"label":"Inicio","link":"https:\/\/caribbean-sailing.com\/es\/"}],"jetpack_sharing_enabled":true,"_links":{"self":[{"href":"https:\/\/caribbean-sailing.com\/es\/wp-json\/wp\/v2\/pages\/108874","targetHints":{"allow":["GET"]}}],"collection":[{"href":"https:\/\/caribbean-sailing.com\/es\/wp-json\/wp\/v2\/pages"}],"about":[{"href":"https:\/\/caribbean-sailing.com\/es\/wp-json\/wp\/v2\/types\/page"}],"author":[{"embeddable":true,"href":"https:\/\/caribbean-sailing.com\/es\/wp-json\/wp\/v2\/users\/240"}],"replies":[{"embeddable":true,"href":"https:\/\/caribbean-sailing.com\/es\/wp-json\/wp\/v2\/comments?post=108874"}],"version-history":[{"count":9,"href":"https:\/\/caribbean-sailing.com\/es\/wp-json\/wp\/v2\/pages\/108874\/revisions"}],"predecessor-version":[{"id":137604,"href":"https:\/\/caribbean-sailing.com\/es\/wp-json\/wp\/v2\/pages\/108874\/revisions\/137604"}],"wp:attachment":[{"href":"https:\/\/caribbean-sailing.com\/es\/wp-json\/wp\/v2\/media?parent=108874"}],"curies":[{"name":"wp","href":"https:\/\/api.w.org\/{rel}","templated":true}]}}