{"id":108854,"date":"2023-03-17T11:19:21","date_gmt":"2023-03-17T15:19:21","guid":{"rendered":"https:\/\/caribbean-sailing.com\/a-propos-de\/"},"modified":"2026-09-01T15:11:56","modified_gmt":"2026-09-01T19:11:56","slug":"a-propos-de","status":"publish","type":"page","link":"https:\/\/caribbean-sailing.com\/fr\/conference-csa-2\/a-propos-de\/","title":{"rendered":"A propos de"},"content":{"rendered":"<section class=\"wpb-content-wrapper\"><p>[vc_row row_background_shadow=\u00a0\u00bbno\u00a0\u00bb][vc_column][vc_column_text]<\/p>\n<p>En 2026, l&rsquo;assembl\u00e9e g\u00e9n\u00e9rale annuelle et la conf\u00e9rence se tiendront \u00e0 Antigua du 2 au 4 octobre 2026. Les membres peuvent s&rsquo;inscrire \u00e0 l&rsquo;assembl\u00e9e g\u00e9n\u00e9rale annuelle et \u00e0 la conf\u00e9rence en remplissant le <a href=\"https:\/\/caribbean-sailing.com\/fr\/conference\/\">formulaire disponible ici<\/a>. <\/p>\n<p><!-- \/wp:post-content --> <\/p>\n<p><!-- wp:paragraph \/--> <\/p>\n<p><!-- wp:paragraph \/--><\/p>\n<p>&nbsp;<\/p>\n<p>[\/vc_column_text][\/vc_column][\/vc_row][vc_row row_background_shadow=\u00a0\u00bbno\u00a0\u00bb][vc_column css=\u00a0\u00bb.vc_custom_1519049878932{margin-top: 0px !important;margin-right: 0px !important;margin-bottom: 0px !important;margin-left: 0px !important;padding-top: 0px !important;padding-right: 0px !important;padding-bottom: 0px !important;padding-left: 0px !important;}\u00a0\u00bb]<div class=\"mkdf-elements-holder   mkdf-two-columns  mkdf-responsive-mode-768 \" ><div class=\"mkdf-eh-item  mkdf-vertical-alignment-top  \"  data-item-class=\"mkdf-eh-custom-2753\">\n\t<div class=\"mkdf-eh-item-inner\">\n\t\t<div class=\"mkdf-eh-item-content mkdf-eh-custom-2753\" >\n\t\t\t[vc_single_image image=\u00a0\u00bb108515&Prime; img_size=\u00a0\u00bbfull\u00a0\u00bb][vc_empty_space height=\u00a0\u00bb10px\u00a0\u00bb]\t\t<\/div>\n\t<\/div>\n<\/div><div class=\"mkdf-eh-item  mkdf-vertical-alignment-top  \"  data-item-class=\"mkdf-eh-custom-3198\" data-1280-1600=\"0% 24% 10px 10%\" data-1024-1280=\"0% 21% 10px 10%\" data-768-1024=\"0% 15% 10px 10%\" data-680-768=\"5% 27% 5% 25.4%\" data-680=\"5% 12% 5% 12.4%\">\n\t<div class=\"mkdf-eh-item-inner\">\n\t\t<div class=\"mkdf-eh-item-content mkdf-eh-custom-3198\" style=\"padding: 0% 34% 10px 25.4%\">\n\t\t\t<div class=\"mkdf-section-title-holder  mkdf-st-standard \" style=\"text-align: left\">\n\t<div class=\"mkdf-st-inner\">\n\t\t\t\t\t<h2 class=\"mkdf-st-title\" style=\"color: #000000\">\n\t\t\t\tLa conf\u00e9rence\t\t\t<\/h2>\n\t\t\t\t\t\t\t<div class=\"mkdf-separator-holder clearfix\">\n\t\t\t\t<div class=\"mkdf-separator\" style=\"border-color: #dbfc00\"><\/div>\n\t\t\t<\/div>\n\t\t\t\t\t<\/div>\n<\/div>[vc_empty_space height=\u00a0\u00bb10px\u00a0\u00bb][vc_column_text]<\/p>\n<p>La conf\u00e9rence se d\u00e9roule g\u00e9n\u00e9ralement sur trois jours : le premier jour est consacr\u00e9 \u00e0 l&rsquo;assembl\u00e9e g\u00e9n\u00e9rale annuelle, suivi de deux jours de discussions, de pr\u00e9sentations et d&rsquo;\u00e9laboration de strat\u00e9gies concernant l&rsquo;organisation des r\u00e9gates, le marketing, la mesure de la gestion des courses et le d\u00e9veloppement de la voile.<\/p>\n<p><!-- \/wp:paragraph --><\/p>\n<p><!-- wp:paragraph -->Au cours des ann\u00e9es pr\u00e9c\u00e9dentes, parmi les intervenants figuraient Peter Holmberg, des repr\u00e9sentants de Sailors for the Sea, Tim Cross, coordinateur r\u00e9gional de World Sailing pour les Cara\u00efbes, ainsi que de nombreux organisateurs et directeurs de course de toute la r\u00e9gion. Cette conf\u00e9rence constitue une formidable occasion d\u2019aborder les pr\u00e9occupations, de pr\u00e9senter des id\u00e9es et de solliciter le soutien de vos pairs, des sponsors et des acteurs du secteur. <\/p>\n<p>[\/vc_column_text][vc_empty_space height=\u00a0\u00bb36px\u00a0\u00bb]\t\t<\/div>\n\t<\/div>\n<\/div><\/div>[vc_empty_space][\/vc_column][\/vc_row][vc_row row_background_shadow=\u00a0\u00bbno\u00a0\u00bb][vc_column css=\u00a0\u00bb.vc_custom_1519049935333{margin-top: 0px !important;margin-right: 0px !important;margin-bottom: 0px !important;margin-left: 0px !important;padding-top: 0px !important;padding-right: 0px !important;padding-bottom: 0px !important;padding-left: 0px !important;}\u00a0\u00bb]<div class=\"mkdf-elements-holder   mkdf-two-columns  mkdf-responsive-mode-768 \" ><div class=\"mkdf-eh-item  mkdf-vertical-alignment-top  \"  data-item-class=\"mkdf-eh-custom-4164\" data-1280-1600=\"0% 24% 10px 10%\" data-1024-1280=\"0% 21% 10px 10%\" data-768-1024=\"0% 15% 10px 10%\" data-680-768=\"5% 27% 5% 25.4%\" data-680=\"5% 12% 5% 12.4%\">\n\t<div class=\"mkdf-eh-item-inner\">\n\t\t<div class=\"mkdf-eh-item-content mkdf-eh-custom-4164\" style=\"padding: 0% 34% 10px 25.4%\">\n\t\t\t<div class=\"mkdf-section-title-holder  mkdf-st-standard \" style=\"text-align: left\">\n\t<div class=\"mkdf-st-inner\">\n\t\t\t\t\t<h2 class=\"mkdf-st-title\" style=\"color: #000000\">\n\t\t\t\tQui est \u00e9ligible ?\t\t\t<\/h2>\n\t\t\t\t\t\t\t<div class=\"mkdf-separator-holder clearfix\">\n\t\t\t\t<div class=\"mkdf-separator\" style=\"border-color: #dbfc00\"><\/div>\n\t\t\t<\/div>\n\t\t\t\t\t<\/div>\n<\/div>[vc_empty_space height=\u00a0\u00bb10px\u00a0\u00bb][vc_column_text]<\/p>\n<p>La conf\u00e9rence est ouverte aux membres de l&rsquo;ASC de toute la r\u00e9gion et est suivie par des directeurs de r\u00e9gates, des sp\u00e9cialistes du marketing, des mesureurs, des directeurs de clubs nautiques, des directeurs de programmes de voile, d&rsquo;autres membres et des professionnels de l&rsquo;industrie.<\/p>\n<p><!-- \/wp:paragraph --><\/p>\n<p><!-- wp:paragraph -->L&rsquo;\u00e9dition 2026 se d\u00e9roulera du 2 au 4 octobre \u00e0 Antigua, \u00e0 l&rsquo;Antigua Yacht Club, \u00e0 English Harbour. Les d\u00e9jeuners auront lieu au Club Sushi de l&rsquo;Antigua Yacht Club et les d\u00eeners seront organis\u00e9s dans divers restaurants de la r\u00e9gion. <\/p>\n<p>Rendez-vous sur la page \u00ab <a href=\"https:\/\/caribbean-sailing.com\/fr\/conference-csa-2\/\">H\u00e9bergement<\/a> \u00bb pour obtenir plus d&rsquo;informations sur l&rsquo;h\u00f4tel.<\/p>\n<p><!-- \/wp:paragraph --><\/p>\n<p><!-- wp:paragraph -->Les organisations qui ne sont pas encore membres et qui souhaiteraient participer peuvent consulter les <a href=\"https:\/\/v9r.047.myftpupload.com\/about\/membership-benefits\/\">diff\u00e9rentes formules d&rsquo;adh\u00e9sion<\/a>. Les particuliers ou les entreprises int\u00e9ress\u00e9s par les possibilit\u00e9s de parrainage, y compris la possibilit\u00e9 d&rsquo;intervenir lors de la conf\u00e9rence, sont invit\u00e9s \u00e0 nous contacter \u00e0 <a href=\"mailto:alison@caribbean-sailing.com\">l&rsquo;adresse alison@caribbean-sailing.com<\/a> afin de discuter des diff\u00e9rentes options. <\/p>\n<p><!-- wp:paragraph --><!-- \/wp:paragraph --><\/p>\n<p>[\/vc_column_text][vc_empty_space height=\u00a0\u00bb36px\u00a0\u00bb]\t\t<\/div>\n\t<\/div>\n<\/div><div class=\"mkdf-eh-item  mkdf-vertical-alignment-top  \"  data-item-class=\"mkdf-eh-custom-1027\">\n\t<div class=\"mkdf-eh-item-inner\">\n\t\t<div class=\"mkdf-eh-item-content mkdf-eh-custom-1027\" >\n\t\t\t[vc_single_image image=\u00a0\u00bb108523&Prime; img_size=\u00a0\u00bbfull\u00a0\u00bb][vc_empty_space height=\u00a0\u00bb36px\u00a0\u00bb]\t\t<\/div>\n\t<\/div>\n<\/div><\/div>[\/vc_column][\/vc_row]<\/p>\n<\/section>","protected":false},"excerpt":{"rendered":"<p>[vc_row row_background_shadow=\u00a0\u00bbno\u00a0\u00bb][vc_column][vc_column_text] En 2026, l&rsquo;assembl\u00e9e g\u00e9n\u00e9rale annuelle et la conf\u00e9rence se tiendront \u00e0 Antigua du 2 au 4 octobre 2026. Les membres peuvent s&rsquo;inscrire \u00e0 l&rsquo;assembl\u00e9e g\u00e9n\u00e9rale annuelle et \u00e0 la conf\u00e9rence en remplissant le formulaire disponible ici. &nbsp; [\/vc_column_text][\/vc_column][\/vc_row][vc_row [&hellip;]<\/p>\n","protected":false},"author":240,"featured_media":0,"parent":109181,"menu_order":0,"comment_status":"closed","ping_status":"closed","template":"","meta":{"_cbd_carousel_blocks":"[]","_monsterinsights_skip_tracking":false,"footnotes":"","_members_access_role":[],"_members_access_error":"","_links_to":"","_links_to_target":""},"class_list":["post-108854","page","type-page","status-publish","hentry"],"aioseo_notices":[],"aioseo_head":"\n\t\t<!-- All in One SEO 5.0.1.1 - aioseo.com -->\n\t<meta name=\"description\" content=\"En 2026, l\u2019assembl\u00e9e g\u00e9n\u00e9rale annuelle et la conf\u00e9rence se tiendront \u00e0 Antigua du 2 au 4 octobre 2026. Les membres peuvent s\u2019inscrire \u00e0 l\u2019assembl\u00e9e g\u00e9n\u00e9rale annuelle et \u00e0 la conf\u00e9rence en remplissant le formulaire disponible ici. La conf\u00e9rence La conf\u00e9rence se d\u00e9roule g\u00e9n\u00e9ralement sur trois jours : le premier jour est consacr\u00e9 \u00e0 l\u2019assembl\u00e9e\" \/>\n\t<meta name=\"robots\" content=\"max-image-preview:large\" \/>\n\t<link rel=\"canonical\" href=\"https:\/\/caribbean-sailing.com\/fr\/conference-csa-2\/a-propos-de\/\" \/>\n\t<meta name=\"generator\" content=\"All in One SEO (AIOSEO) 5.0.1.1\" \/>\n\t\t<script type=\"application\/ld+json\" class=\"aioseo-schema\">\n\t\t\t{\"@context\":\"https:\\\/\\\/schema.org\",\"@graph\":[{\"@type\":\"BreadcrumbList\",\"@id\":\"https:\\\/\\\/caribbean-sailing.com\\\/fr\\\/conference-csa-2\\\/a-propos-de\\\/#breadcrumblist\",\"itemListElement\":[{\"@type\":\"ListItem\",\"@id\":\"https:\\\/\\\/caribbean-sailing.com\\\/fr\\\/#listItem\",\"position\":1,\"name\":\"Home\",\"item\":\"https:\\\/\\\/caribbean-sailing.com\\\/fr\\\/\",\"nextItem\":{\"@type\":\"ListItem\",\"@id\":\"https:\\\/\\\/caribbean-sailing.com\\\/fr\\\/conference-csa-2\\\/#listItem\",\"name\":\"Conf\\u00e9rence CSA\"}},{\"@type\":\"ListItem\",\"@id\":\"https:\\\/\\\/caribbean-sailing.com\\\/fr\\\/conference-csa-2\\\/#listItem\",\"position\":2,\"name\":\"Conf\\u00e9rence CSA\",\"item\":\"https:\\\/\\\/caribbean-sailing.com\\\/fr\\\/conference-csa-2\\\/\",\"nextItem\":{\"@type\":\"ListItem\",\"@id\":\"https:\\\/\\\/caribbean-sailing.com\\\/fr\\\/conference-csa-2\\\/a-propos-de\\\/#listItem\",\"name\":\"A propos de\"},\"previousItem\":{\"@type\":\"ListItem\",\"@id\":\"https:\\\/\\\/caribbean-sailing.com\\\/fr\\\/#listItem\",\"name\":\"Home\"}},{\"@type\":\"ListItem\",\"@id\":\"https:\\\/\\\/caribbean-sailing.com\\\/fr\\\/conference-csa-2\\\/a-propos-de\\\/#listItem\",\"position\":3,\"name\":\"A propos de\",\"previousItem\":{\"@type\":\"ListItem\",\"@id\":\"https:\\\/\\\/caribbean-sailing.com\\\/fr\\\/conference-csa-2\\\/#listItem\",\"name\":\"Conf\\u00e9rence CSA\"}}]},{\"@type\":\"Organization\",\"@id\":\"https:\\\/\\\/caribbean-sailing.com\\\/fr\\\/#organization\",\"name\":\"Caribbean Sailing Association\",\"description\":\"Caribbean Sailing News \\u2022 Events \\u2022 Rating Rule \\u2022 Sailing Development\",\"url\":\"https:\\\/\\\/caribbean-sailing.com\\\/fr\\\/\"},{\"@type\":\"WebPage\",\"@id\":\"https:\\\/\\\/caribbean-sailing.com\\\/fr\\\/conference-csa-2\\\/a-propos-de\\\/#webpage\",\"url\":\"https:\\\/\\\/caribbean-sailing.com\\\/fr\\\/conference-csa-2\\\/a-propos-de\\\/\",\"name\":\"A propos de | Caribbean Sailing Association\",\"description\":\"En 2026, l\\u2019assembl\\u00e9e g\\u00e9n\\u00e9rale annuelle et la conf\\u00e9rence se tiendront \\u00e0 Antigua du 2 au 4 octobre 2026. Les membres peuvent s\\u2019inscrire \\u00e0 l\\u2019assembl\\u00e9e g\\u00e9n\\u00e9rale annuelle et \\u00e0 la conf\\u00e9rence en remplissant le formulaire disponible ici. La conf\\u00e9rence La conf\\u00e9rence se d\\u00e9roule g\\u00e9n\\u00e9ralement sur trois jours : le premier jour est consacr\\u00e9 \\u00e0 l\\u2019assembl\\u00e9e\",\"inLanguage\":\"fr-FR\",\"isPartOf\":{\"@id\":\"https:\\\/\\\/caribbean-sailing.com\\\/fr\\\/#website\"},\"breadcrumb\":{\"@id\":\"https:\\\/\\\/caribbean-sailing.com\\\/fr\\\/conference-csa-2\\\/a-propos-de\\\/#breadcrumblist\"},\"datePublished\":\"2023-03-17T11:19:21-04:00\",\"dateModified\":\"2026-09-01T15:11:56-04:00\"},{\"@type\":\"WebSite\",\"@id\":\"https:\\\/\\\/caribbean-sailing.com\\\/fr\\\/#website\",\"url\":\"https:\\\/\\\/caribbean-sailing.com\\\/fr\\\/\",\"name\":\"Caribbean Sailing Association\",\"description\":\"Caribbean Sailing News \\u2022 Events \\u2022 Rating Rule \\u2022 Sailing Development\",\"inLanguage\":\"fr-FR\",\"publisher\":{\"@id\":\"https:\\\/\\\/caribbean-sailing.com\\\/fr\\\/#organization\"}}]}\n\t\t<\/script>\n\t\t<!-- All in One SEO -->\n\n","aioseo_head_json":{"title":"A propos de | Caribbean Sailing Association","description":"En 2026, l\u2019assembl\u00e9e g\u00e9n\u00e9rale annuelle et la conf\u00e9rence se tiendront \u00e0 Antigua du 2 au 4 octobre 2026. Les membres peuvent s\u2019inscrire \u00e0 l\u2019assembl\u00e9e g\u00e9n\u00e9rale annuelle et \u00e0 la conf\u00e9rence en remplissant le formulaire disponible ici. La conf\u00e9rence La conf\u00e9rence se d\u00e9roule g\u00e9n\u00e9ralement sur trois jours : le premier jour est consacr\u00e9 \u00e0 l\u2019assembl\u00e9e","canonical_url":"https:\/\/caribbean-sailing.com\/fr\/conference-csa-2\/a-propos-de\/","robots":"max-image-preview:large","keywords":"","webmasterTools":{"miscellaneous":""},"schema":{"@context":"https:\/\/schema.org","@graph":[{"@type":"BreadcrumbList","@id":"https:\/\/caribbean-sailing.com\/fr\/conference-csa-2\/a-propos-de\/#breadcrumblist","itemListElement":[{"@type":"ListItem","@id":"https:\/\/caribbean-sailing.com\/fr\/#listItem","position":1,"name":"Home","item":"https:\/\/caribbean-sailing.com\/fr\/","nextItem":{"@type":"ListItem","@id":"https:\/\/caribbean-sailing.com\/fr\/conference-csa-2\/#listItem","name":"Conf\u00e9rence CSA"}},{"@type":"ListItem","@id":"https:\/\/caribbean-sailing.com\/fr\/conference-csa-2\/#listItem","position":2,"name":"Conf\u00e9rence CSA","item":"https:\/\/caribbean-sailing.com\/fr\/conference-csa-2\/","nextItem":{"@type":"ListItem","@id":"https:\/\/caribbean-sailing.com\/fr\/conference-csa-2\/a-propos-de\/#listItem","name":"A propos de"},"previousItem":{"@type":"ListItem","@id":"https:\/\/caribbean-sailing.com\/fr\/#listItem","name":"Home"}},{"@type":"ListItem","@id":"https:\/\/caribbean-sailing.com\/fr\/conference-csa-2\/a-propos-de\/#listItem","position":3,"name":"A propos de","previousItem":{"@type":"ListItem","@id":"https:\/\/caribbean-sailing.com\/fr\/conference-csa-2\/#listItem","name":"Conf\u00e9rence CSA"}}]},{"@type":"Organization","@id":"https:\/\/caribbean-sailing.com\/fr\/#organization","name":"Caribbean Sailing Association","description":"Caribbean Sailing News \u2022 Events \u2022 Rating Rule \u2022 Sailing Development","url":"https:\/\/caribbean-sailing.com\/fr\/"},{"@type":"WebPage","@id":"https:\/\/caribbean-sailing.com\/fr\/conference-csa-2\/a-propos-de\/#webpage","url":"https:\/\/caribbean-sailing.com\/fr\/conference-csa-2\/a-propos-de\/","name":"A propos de | Caribbean Sailing Association","description":"En 2026, l\u2019assembl\u00e9e g\u00e9n\u00e9rale annuelle et la conf\u00e9rence se tiendront \u00e0 Antigua du 2 au 4 octobre 2026. Les membres peuvent s\u2019inscrire \u00e0 l\u2019assembl\u00e9e g\u00e9n\u00e9rale annuelle et \u00e0 la conf\u00e9rence en remplissant le formulaire disponible ici. La conf\u00e9rence La conf\u00e9rence se d\u00e9roule g\u00e9n\u00e9ralement sur trois jours : le premier jour est consacr\u00e9 \u00e0 l\u2019assembl\u00e9e","inLanguage":"fr-FR","isPartOf":{"@id":"https:\/\/caribbean-sailing.com\/fr\/#website"},"breadcrumb":{"@id":"https:\/\/caribbean-sailing.com\/fr\/conference-csa-2\/a-propos-de\/#breadcrumblist"},"datePublished":"2023-03-17T11:19:21-04:00","dateModified":"2026-09-01T15:11:56-04:00"},{"@type":"WebSite","@id":"https:\/\/caribbean-sailing.com\/fr\/#website","url":"https:\/\/caribbean-sailing.com\/fr\/","name":"Caribbean Sailing Association","description":"Caribbean Sailing News \u2022 Events \u2022 Rating Rule \u2022 Sailing Development","inLanguage":"fr-FR","publisher":{"@id":"https:\/\/caribbean-sailing.com\/fr\/#organization"}}]}},"aioseo_meta_data":{"post_id":"108854","title":null,"description":null,"keywords":null,"keyphrases":{"focus":{"keyphrase":"","score":0,"analysis":{"keyphraseInTitle":{"score":0,"maxScore":9,"error":1}}},"additional":[]},"primary_term":null,"canonical_url":null,"og_title":null,"og_description":null,"og_object_type":"default","og_image_type":"default","og_image_url":null,"og_image_width":null,"og_image_height":null,"og_image_custom_url":null,"og_image_custom_fields":null,"og_video":"","og_custom_url":null,"og_article_section":null,"og_article_tags":null,"twitter_use_og":false,"twitter_card":"default","twitter_image_type":"default","twitter_image_url":null,"twitter_image_custom_url":null,"twitter_image_custom_fields":null,"twitter_title":null,"twitter_description":null,"schema":{"blockGraphs":[],"customGraphs":[],"default":{"data":{"Article":[],"Course":[],"Dataset":[],"FAQPage":[],"Movie":[],"Person":[],"Product":[],"ProductReview":[],"Car":[],"Recipe":[],"Service":[],"SoftwareApplication":[],"WebPage":[]},"graphName":"WebPage","isEnabled":true},"graphs":[]},"schema_type":"default","schema_type_options":null,"pillar_content":false,"robots_default":true,"robots_noindex":false,"robots_noarchive":false,"robots_nosnippet":false,"robots_nofollow":false,"robots_noimageindex":false,"robots_noodp":false,"robots_notranslate":false,"robots_max_snippet":"-1","robots_max_videopreview":"-1","robots_max_imagepreview":"large","priority":null,"frequency":"default","local_seo":null,"breadcrumb_settings":null,"limit_modified_date":false,"ai":{"faqs":[],"keyPoints":[],"schemas":[],"titles":[],"descriptions":[],"socialPosts":{"email":{"subject":"","preview":"","content":""},"linkedin":[],"twitter":[],"facebook":[],"instagram":[]}},"created":"2024-08-16 17:48:52","updated":"2026-09-01 19:11:59","seo_analyzer_scan_date":null,"focus_keyword":null,"additional_keywords":null,"truseo_locale":null},"aioseo_breadcrumb":"<div class=\"aioseo-breadcrumbs\"><span class=\"aioseo-breadcrumb\">\n\t\t\t<a href=\"https:\/\/caribbean-sailing.com\/fr\/\" title=\"Home\">Home<\/a>\n\t\t<\/span><span class=\"aioseo-breadcrumb-separator\">&raquo;<\/span><span class=\"aioseo-breadcrumb\">\n\t\t\t<a href=\"https:\/\/caribbean-sailing.com\/fr\/conference-csa-2\/\" title=\"Conf\u00e9rence CSA\">Conf\u00e9rence CSA<\/a>\n\t\t<\/span><span class=\"aioseo-breadcrumb-separator\">&raquo;<\/span><span class=\"aioseo-breadcrumb\">\n\t\t\tA propos de\n\t\t<\/span><\/div>","aioseo_breadcrumb_json":[{"label":"Home","link":"https:\/\/caribbean-sailing.com\/fr\/"},{"label":"Conf\u00e9rence CSA","link":"https:\/\/caribbean-sailing.com\/fr\/conference-csa-2\/"},{"label":"A propos de","link":"https:\/\/caribbean-sailing.com\/fr\/conference-csa-2\/a-propos-de\/"}],"jetpack_sharing_enabled":true,"_links":{"self":[{"href":"https:\/\/caribbean-sailing.com\/fr\/wp-json\/wp\/v2\/pages\/108854","targetHints":{"allow":["GET"]}}],"collection":[{"href":"https:\/\/caribbean-sailing.com\/fr\/wp-json\/wp\/v2\/pages"}],"about":[{"href":"https:\/\/caribbean-sailing.com\/fr\/wp-json\/wp\/v2\/types\/page"}],"author":[{"embeddable":true,"href":"https:\/\/caribbean-sailing.com\/fr\/wp-json\/wp\/v2\/users\/240"}],"replies":[{"embeddable":true,"href":"https:\/\/caribbean-sailing.com\/fr\/wp-json\/wp\/v2\/comments?post=108854"}],"version-history":[{"count":4,"href":"https:\/\/caribbean-sailing.com\/fr\/wp-json\/wp\/v2\/pages\/108854\/revisions"}],"predecessor-version":[{"id":137593,"href":"https:\/\/caribbean-sailing.com\/fr\/wp-json\/wp\/v2\/pages\/108854\/revisions\/137593"}],"up":[{"embeddable":true,"href":"https:\/\/caribbean-sailing.com\/fr\/wp-json\/wp\/v2\/pages\/109181"}],"wp:attachment":[{"href":"https:\/\/caribbean-sailing.com\/fr\/wp-json\/wp\/v2\/media?parent=108854"}],"curies":[{"name":"wp","href":"https:\/\/api.w.org\/{rel}","templated":true}]}}